{"id":141,"date":"2023-02-03T04:46:42","date_gmt":"2023-02-03T03:46:42","guid":{"rendered":"https:\/\/rechtsanwalt-schwaz.agentur-seidemann.de\/?page_id=141"},"modified":"2024-05-28T21:09:30","modified_gmt":"2024-05-28T19:09:30","slug":"datenschutzerklaerung-fuer-mandanten","status":"publish","type":"page","link":"https:\/\/rechtsanwalt-schwaz.at\/en\/datenschutzerklaerung-fuer-mandanten\/","title":{"rendered":"Datenschutzerkl\u00e4rung f\u00fcr Mandanten"},"content":{"rendered":"<p class=\"p1\">Diese Erkl\u00e4rung beschreibt, wie die Dr. Janovsky Rechtsanwalts GmbH &amp; Co KG, Burggasse 8, 6130 Schwaz, eingetragen im Firmenbuch des Landesgerichts Innsbruck zu FN 613145i (\u201ewir\u201c oder \u201edas Unternehmen\u201c) Ihre personenbezogenen Daten verarbeitet. Die Erkl\u00e4rung richtet sich prim\u00e4r an unsere bestehenden und ehemaligen Mandanten, Interessenten und potentielle zuk\u00fcnftige Mandanten, sowie ihre jeweiligen Gesellschafter, Organe und sonstigen Mitarbeiter. Dar\u00fcber hinaus informieren wir grunds\u00e4tzlich \u00fcber die Datenverarbeitung in unserer Kanzlei.<\/p>\n<p class=\"p1\"><strong>F\u00fcr die Datenverarbeitung verantwortlich ist:<\/strong><\/p>\n<p class=\"p1\">Dr. Janovsky Rechtsanwalts GmbH &amp; Co KG<br \/>\nBurggasse 8<br \/>\n6130 Schwaz<br \/>\nAustria<br \/>\nEmail: office(at)rechtsanwalt-schwaz.at<\/p>\n<h4 class=\"p1\">1. Personenbezogene Daten<\/h4>\n<p class=\"p1\">Personenbezogene Daten sind alle Daten, die Einzelangaben \u00fcber pers\u00f6nliche oder sachliche Verh\u00e4ltnisse enthalten, beispielsweise Name, Anschrift, Emailadresse, Telefonnummer, Geburtsdatum, Alter, Geschlecht, Sozialversicherungsnummer, Videoaufzeichnungen, Fotos, Stimmaufnahmen von Personen sowie biometrische Daten wie etwa Fingerabdr\u00fccke. Auch sensible Daten, wie Gesundheitsdaten oder Daten im Zusammenhang mit einem Strafverfahren k\u00f6nnen mitumfasst sein.<\/p>\n<p class=\"p1\">Wir erheben, verarbeiten und nutzen Ihre personenbezogenen Daten nur mit Ihrer Einwilligung bzw. Mandatierung oder Bestellung zu den mit Ihnen vereinbarten Zwecken oder wenn eine sonstige rechtliche Grundlage im Einklang mit der DSGVO vorliegt; dies unter Einhaltung der datenschutz- und zivilrechtlichen Bestimmungen.<\/p>\n<p class=\"p1\">Es werden nur solche personenbezogenen Daten erhoben, die f\u00fcr die Durchf\u00fchrung und Abwicklung unserer rechtsanwaltlichen Leistungen erforderlich sind oder die Sie uns freiwillig zur Verf\u00fcgung gestellt haben. Grunds\u00e4tzlich ist die Bereitstellung jeglicher Daten freiwillig, jedoch k\u00f6nnen wir unser Mandat nicht oder nicht vollst\u00e4ndig erf\u00fcllen, wenn uns daf\u00fcr ben\u00f6tigte personenbezogene Daten nicht zur Verf\u00fcgung gestellt werden.<\/p>\n<p class=\"p1\">Weiters informieren wir Sie dar\u00fcber, dass im Rahmen unserer rechtsanwaltlichen Vertretung und Betreuung regelm\u00e4\u00dfig auch sachverhalts- und fallbezogene Informationen von Ihnen von dritten Stellen sowie aus \u00f6ffentlich zug\u00e4nglichen Quellen (z.B. Firmenbuch, Grundbuch, Vereinsregister) bezogen werden.<\/p>\n<p class=\"p1\">Wir verarbeiten die Daten folgender Kategorien von betroffenen Personen:<\/p>\n<p class=\"p1\">\u2022 Auftraggeber \/ Mandanten inklusive Kontaktpersonen bei diesen<\/p>\n<p class=\"p1\">\u2022 Aktbeteiligte Personen inklusive Kontaktpersonen bei diesen<\/p>\n<p class=\"p1\">\u2022 Alle sonstigen im System vorhandenen Personen (z.B. ehemalige Mandanten, Interessenten)<\/p>\n<p class=\"p1\">\u2022 Gerichte und Beh\u00f6rden inklusive Kontaktpersonen bei diesen<\/p>\n<h4 class=\"p1\">2. Zwecke der Datenverarbeitung<\/h4>\n<p class=\"p1\">Wir werden Ihre personenbezogenen Daten zu folgenden Zwecken verarbeiten:<\/p>\n<p class=\"p1\">\u2022 zur rechtsanwaltlichen Vertretung des jeweiligen Auftraggebers im Umfang des jeweiligen Mandats, die Leistung rechtsanwaltlicher Dienste f\u00fcr den Auftraggeber im Umfang des Auftrages sowie die rechtliche Beratung des Auftraggebers;<\/p>\n<p class=\"p1\">\u2022 zur St\u00e4rkung der bestehenden Mandantenbeziehung bzw. zum Aufbau einer neuen Mandantenbeziehungen oder dem Herantreten an Interessenten, einschlie\u00dflich der Information \u00fcber aktuelle Rechtsentwicklungen und unser Dienstleistungsangebot (Marketing, z.B. Newsletter oder Einladungen zu Veranstaltungen);<\/p>\n<p class=\"p1\">\u2022 im Falle einer bereits erfolgten Beauftragung zur internen Organisation und zum Schadensmanagement der Kanzlei<\/p>\n<h4 class=\"p1\">3. Rechtsgrundlagen der Verarbeitung<\/h4>\n<p class=\"p1\">Die rechtlichen Grundlagen f\u00fcr die Verarbeitung Ihrer personenbezogenen Daten sind:<\/p>\n<p class=\"p1\">\u2022 Vertragserf\u00fcllung gem\u00e4\u00df Art 6 Abs 1 lit b DSGVO (Mandatsvertrag bzw. Auftrag)<\/p>\n<p class=\"p1\">\u2022 Ihre Einwilligung gem\u00e4\u00df Art 6 Abs 1 lit a DSGVO<\/p>\n<p class=\"p1\">\u2022 Unser berechtigtes Interesse gem\u00e4\u00df Art 6 Abs 1 lit f DSGVO (bei Aktbeteiligten Personen inklusive Kontaktpersonen von diesen die Geltendmachung, Aus\u00fcbung oder Verteidigung von Rechtsanspr\u00fcchen, die Errichtung, Pr\u00fcfung, Verhandlung oder Abwicklung von Vertr\u00e4gen und Gesch\u00e4ften sowie das Gesch\u00e4fts- oder Vertretungsverh\u00e4ltnis mit einer andere aktbeteiligten Person)<\/p>\n<p class=\"p1\">\u2022 Erf\u00fcllung unserer rechtlichen Verpflichtungen gem\u00e4\u00df Art 6 Abs 1 lit c DSGVO (z.B. um das Doppelvertretungsverbot (\u00a7 9 Abs 1 und \u00a7 10 Abs 1 RAO, \u00a7\u00a7 10 und 12a RL-BA) zu achten und zu wahren, in bestimmten Verdachtsf\u00e4llen die Meldung an die Geldw\u00e4schemeldestelle)<\/p>\n<p class=\"p1\">\u2022 Wahrnehmung einer im \u00f6ffentlichen Interesse liegenden Aufgabe gem\u00e4\u00df Art 6 Abs 1 lit e DSGVO (insbesondere bei der Zusammenarbeit mit Gerichten und Beh\u00f6rden)<\/p>\n<p class=\"p1\">Besondere Kategorien personenbezogener Daten werden entweder aufgrund Ihrer ausdr\u00fccklichen Einwilligung verarbeitet oder aufgrund der Bestimmung des Art 9 Abs 2 lit f DSGVO.<\/p>\n<p class=\"p1\">Wenn Sie ein Interessent bzw. potentiell zuk\u00fcnftiger Mandant sind, werden wir Ihre Kontaktdaten zum Zweck der Direktwerbung (insbesondere Newsletter, Einladung zu Veranstaltungen) \u00fcber den Weg der Zusendung elektronischer Post nur mit Ihrer Einwilligung gem\u00e4\u00df Art. 6 Abs. 1 lit. a der Datenschutzgrundverordnung (\u201eDSGVO\u201c) verarbeiten.<\/p>\n<h4 class=\"p1\">4. Datenempf\u00e4nger<\/h4>\n<p class=\"p1\">Innerhalb des Unternehmens erhalten diejenigen Stellen bzw. Mitarbeiterinnen und Mitarbeiter Ihre Daten, die diese zur Erf\u00fcllung der vertraglichen und\/oder gesetzlichen Pflichten sowie zur Wahrung berechtigter Interessen ben\u00f6tigen.<\/p>\n<p class=\"p1\">Zur Erf\u00fcllung Ihres Auftrages ist es m\u00f6glicherweise auch erforderlich, Ihre Daten an Dritte (zB Gegenseite, Substitute, Versicherungen, Dienstleister, derer wir uns bedienen und denen wir Daten zur Verf\u00fcgung stellen, etc.), Gerichte oder Beh\u00f6rden, weiterzuleiten. Eine Weiterleitung Ihrer Daten erfolgt ausschlie\u00dflich auf Grundlage der DSGVO, insb zur Erf\u00fcllung Ihres Auftrags oder aufgrund Ihrer vorherigen Einwilligung. S\u00e4mtliche Auftragsverarbeiter sind vertraglich entsprechend dazu verpflichtet, Ihre Daten vertraulich zu behandeln und nur im Rahmen der Leistungserbringung zu verarbeiten. Daten werden nur an jene Empf\u00e4nger weitergegeben, welche zur Erf\u00fcllung des Auftrages\/Mandates erforderlich sind.<\/p>\n<p class=\"p1\">Dar\u00fcber hinaus bedienen wir uns aus organisatorischen Gr\u00fcnden (z.B. Anwaltssoftware) bestimmter Auftragsverarbeiter. Wir haben mit s\u00e4mtlichen von uns eingesetzten Auftragsverarbeitern Vertr\u00e4ge iSd Art 28 DSGVO abgeschlossen.<\/p>\n<p class=\"p1\">Manche der oben genannten Empf\u00e4nger Ihrer personenbezogenen Daten befinden sich au\u00dferhalb Ihres Landes oder verarbeiten dort Ihre personenbezogenen Daten. Das Datenschutzniveau in anderen L\u00e4ndern entspricht unter Umst\u00e4nden nicht dem \u00d6sterreichs. Wir \u00fcbermitteln Ihre personenbezogenen Daten jedoch nur in L\u00e4nder, f\u00fcr welche die EU-Kommission entschieden hat, dass sie \u00fcber ein angemessenes Datenschutzniveau verf\u00fcgen.<\/p>\n<h4 class=\"p1\">5. Speicherdauer<\/h4>\n<p class=\"p1\">Wir speichern Ihre personenbezogenen Daten grunds\u00e4tzlich bis zur Beendigung der Gesch\u00e4ftsbeziehung im Rahmen derer wir Ihre Daten erhoben haben oder bis zum Ablauf der anwendbaren gesetzlichen Verj\u00e4hrungs- und Aufbewahrungsfristen; dar\u00fcber hinaus bis zur Beendigung von allf\u00e4lligen Rechtsstreitigkeiten, bei denen die Daten als Beweis ben\u00f6tigt werden.<\/p>\n<p class=\"p1\">Beruht die Verarbeitung der Daten auf Ihrer Einwilligung, werden wir die Daten nur bis zum Widerruf Ihrer Einwilligung verarbeiten.<\/p>\n<h4 class=\"p1\">6. Ihre Rechte im Zusammenhang mit personenbezogenen Daten<\/h4>\n<p class=\"p1\">Sie sind unter anderem berechtigt (i) zu \u00fcberpr\u00fcfen, ob und welche personenbezogenen Daten wir \u00fcber Sie verarbeiten und Kopien dieser Daten zu erhalten, (ii) die Berichtigung, Erg\u00e4nzung, oder L\u00f6schung Ihrer personenbezogenen Daten zu verlangen, soweit diese falsch sind oder nicht rechtskonform verarbeitet werden, (iii) von uns zu verlangen, die Verarbeitung Ihrer personenbezogenen Daten einzuschr\u00e4nken, (iv) unter bestimmten Umst\u00e4nden der Verarbeitung Ihrer personenbezogenen Daten zu widersprechen oder die f\u00fcr die Verarbeitung zuvor gegebene Einwilligung zu widerrufen, wobei ein Widerruf die Rechtsm\u00e4\u00dfigkeit der vor dem Widerruf erfolgten Verarbeitung nicht ber\u00fchrt, (v) Daten\u00fcbertragbarkeit zu verlangen, soweit Sie unser Klient sind (vi) die Identit\u00e4t von Dritten, an welche Ihre personenbezogenen Daten \u00fcbermittelt werden, zu kennen und (vii) bei der Datenschutzbeh\u00f6rde Beschwerde zu erheben.<\/p>\n<p class=\"p1\">Sollten Sie von uns Direktwerbung erhalten, weisen wir Sie ausdr\u00fccklich auf Ihr Widerspruchsrecht gem\u00e4\u00df Art 21 DSGVO hin. Sie haben das Recht, jederzeit Widerspruch gegen die Verarbeitung sie betreffender personenbezogener Daten zum Zweck der Direktwerbung einzulegen. Im Falle eines Widerspruchs werden Ihre personenbezogenen Daten nicht mehr f\u00fcr diese Zwecke verarbeitet. Unsere Kontaktdaten finden Sie in<\/p>\n<p class=\"p1\">Punkt 7.<\/p>\n<p class=\"p1\">Wir weisen Sie darauf hin, dass f\u00fcr uns als Rechtsanwaltskanzlei die Informationspflicht gem\u00e4\u00df Art 14 Abs 1 bis 4 DSGVO gem\u00e4\u00df Art 14 Abs 5 lit d DSGVO nicht zur Anwendung gelangt, da insbesondere die Daten von aktbeteiligten Personen sowie sonstigen im System vorhandenen Personen idR der anwaltlichen Verschwiegenheitspflicht (\u00a7 9 RAO, \u00a7 305 Z 4 und \u00a7 321 Z 4 ZPO, \u00a7 144 Abs 2 iVm \u00a7 157 Abs 2 StPO) unterliegen. Wir werden Ihre diesbez\u00fcgliche Anfrage jedoch selbstverst\u00e4ndlich im Einzelfall pr\u00fcfen und gegebenenfalls Auskunft erteilen.<\/p>\n<h4 class=\"p1\">7. Unsere Kontaktdaten<\/h4>\n<p class=\"p1\">Sollten Sie zu dieser Erkl\u00e4rung Fragen haben, Antr\u00e4ge stellen wollen oder von Ihrem Widerrufsrecht oder Widerspruchsrecht Gebrauch machen wollen, wenden Sie sich bitte an uns unter office@rechtsanwalt-schwaz.at<\/p>\n<p class=\"p1\">oder schreiben Sie uns an:<\/p>\n<p class=\"p1\">Dr. Janovsky Rechtsanwalts GmbH &amp; Co KG<br \/>\nBurggasse 8<br \/>\n6130 Schwaz<br \/>\nAustria<\/p>","protected":false},"excerpt":{"rendered":"<p>Diese Erkl\u00e4rung beschreibt, wie die Dr. Janovsky Rechtsanwalts GmbH &amp; Co KG, Burggasse 8, 6130 Schwaz, eingetragen im Firmenbuch des Landesgerichts Innsbruck zu FN 613145i (\u201ewir\u201c oder \u201edas Unternehmen\u201c) Ihre personenbezogenen Daten verarbeitet. Die Erkl\u00e4rung richtet sich prim\u00e4r an unsere bestehenden und ehemaligen Mandanten, Interessenten und potentielle zuk\u00fcnftige Mandanten, sowie ihre jeweiligen Gesellschafter, Organe und [&hellip;]<\/p>\n","protected":false},"author":3,"featured_media":0,"parent":0,"menu_order":0,"comment_status":"closed","ping_status":"closed","template":"","meta":{"footnotes":""},"yoast_head":"<!-- This site is optimized with the Yoast SEO plugin v23.5 - https:\/\/yoast.com\/wordpress\/plugins\/seo\/ -->\n<title>Datenschutzerkl\u00e4rung f\u00fcr Mandanten<\/title>\n<meta name=\"description\" content=\"Wir legen gro\u00dfen Wert auf den Datenschutz unserer Mandanten. Auf unserer Datenschutzseite finden Sie alle relevanten Informationen.\" \/>\n<meta name=\"robots\" content=\"index, follow, max-snippet:-1, max-image-preview:large, max-video-preview:-1\" \/>\n<link rel=\"canonical\" href=\"https:\/\/rechtsanwalt-schwaz.at\/en\/datenschutzerklaerung-fuer-mandanten\/\" \/>\n<meta property=\"og:locale\" content=\"en_US\" \/>\n<meta property=\"og:type\" content=\"article\" \/>\n<meta property=\"og:title\" content=\"Datenschutzerkl\u00e4rung f\u00fcr Mandanten\" \/>\n<meta property=\"og:description\" content=\"Wir legen gro\u00dfen Wert auf den Datenschutz unserer Mandanten. Auf unserer Datenschutzseite finden Sie alle relevanten Informationen.\" \/>\n<meta property=\"og:url\" content=\"https:\/\/rechtsanwalt-schwaz.at\/en\/datenschutzerklaerung-fuer-mandanten\/\" \/>\n<meta property=\"og:site_name\" content=\"Rechtsanwalt Schwaz\" \/>\n<meta property=\"article:modified_time\" content=\"2024-05-28T19:09:30+00:00\" \/>\n<meta property=\"og:image\" content=\"https:\/\/rechtsanwalt-schwaz.at\/wp-content\/uploads\/2023\/02\/rechtsanwalt-schwaz-header-2.jpg\" \/>\n\t<meta property=\"og:image:width\" content=\"1740\" \/>\n\t<meta property=\"og:image:height\" content=\"552\" \/>\n\t<meta property=\"og:image:type\" content=\"image\/jpeg\" \/>\n<meta name=\"twitter:card\" content=\"summary_large_image\" \/>\n<meta name=\"twitter:label1\" content=\"Est. reading time\" \/>\n\t<meta name=\"twitter:data1\" content=\"7 minutes\" \/>\n<script type=\"application\/ld+json\" class=\"yoast-schema-graph\">{\"@context\":\"https:\/\/schema.org\",\"@graph\":[{\"@type\":\"WebPage\",\"@id\":\"https:\/\/rechtsanwalt-schwaz.at\/datenschutzerklaerung-fuer-mandanten\/\",\"url\":\"https:\/\/rechtsanwalt-schwaz.at\/datenschutzerklaerung-fuer-mandanten\/\",\"name\":\"Datenschutzerkl\u00e4rung f\u00fcr Mandanten\",\"isPartOf\":{\"@id\":\"https:\/\/rechtsanwalt-schwaz.at\/#website\"},\"datePublished\":\"2023-02-03T03:46:42+00:00\",\"dateModified\":\"2024-05-28T19:09:30+00:00\",\"description\":\"Wir legen gro\u00dfen Wert auf den Datenschutz unserer Mandanten. Auf unserer Datenschutzseite finden Sie alle relevanten Informationen.\",\"breadcrumb\":{\"@id\":\"https:\/\/rechtsanwalt-schwaz.at\/datenschutzerklaerung-fuer-mandanten\/#breadcrumb\"},\"inLanguage\":\"en-US\",\"potentialAction\":[{\"@type\":\"ReadAction\",\"target\":[\"https:\/\/rechtsanwalt-schwaz.at\/datenschutzerklaerung-fuer-mandanten\/\"]}]},{\"@type\":\"BreadcrumbList\",\"@id\":\"https:\/\/rechtsanwalt-schwaz.at\/datenschutzerklaerung-fuer-mandanten\/#breadcrumb\",\"itemListElement\":[{\"@type\":\"ListItem\",\"position\":1,\"name\":\"Startseite\",\"item\":\"https:\/\/rechtsanwalt-schwaz.at\/\"},{\"@type\":\"ListItem\",\"position\":2,\"name\":\"Datenschutzerkl\u00e4rung f\u00fcr Mandanten\"}]},{\"@type\":\"WebSite\",\"@id\":\"https:\/\/rechtsanwalt-schwaz.at\/#website\",\"url\":\"https:\/\/rechtsanwalt-schwaz.at\/\",\"name\":\"Rechtsanwalt Schwaz\",\"description\":\"Georg Janovsky ist ein hochqualifizierter und erfahrener Rechtsanwalt, der Ihnen bei s\u00e4mtlichen rechtlichen Anliegen zur Seite steht.\",\"publisher\":{\"@id\":\"https:\/\/rechtsanwalt-schwaz.at\/#organization\"},\"potentialAction\":[{\"@type\":\"SearchAction\",\"target\":{\"@type\":\"EntryPoint\",\"urlTemplate\":\"https:\/\/rechtsanwalt-schwaz.at\/?s={search_term_string}\"},\"query-input\":{\"@type\":\"PropertyValueSpecification\",\"valueRequired\":true,\"valueName\":\"search_term_string\"}}],\"inLanguage\":\"en-US\"},{\"@type\":\"Organization\",\"@id\":\"https:\/\/rechtsanwalt-schwaz.at\/#organization\",\"name\":\"Rechtsanwalt Schwaz\",\"url\":\"https:\/\/rechtsanwalt-schwaz.at\/\",\"logo\":{\"@type\":\"ImageObject\",\"inLanguage\":\"en-US\",\"@id\":\"https:\/\/rechtsanwalt-schwaz.at\/#\/schema\/logo\/image\/\",\"url\":\"https:\/\/rechtsanwalt-schwaz.agentur-seidemann.de\/wp-content\/uploads\/2023\/01\/janovsky-stecher-rechtsanwaelte.png\",\"contentUrl\":\"https:\/\/rechtsanwalt-schwaz.agentur-seidemann.de\/wp-content\/uploads\/2023\/01\/janovsky-stecher-rechtsanwaelte.png\",\"width\":277,\"height\":60,\"caption\":\"Rechtsanwalt Schwaz\"},\"image\":{\"@id\":\"https:\/\/rechtsanwalt-schwaz.at\/#\/schema\/logo\/image\/\"}}]}<\/script>\n<!-- \/ Yoast SEO plugin. -->","yoast_head_json":{"title":"Datenschutzerkl\u00e4rung f\u00fcr Mandanten","description":"Wir legen gro\u00dfen Wert auf den Datenschutz unserer Mandanten. Auf unserer Datenschutzseite finden Sie alle relevanten Informationen.","robots":{"index":"index","follow":"follow","max-snippet":"max-snippet:-1","max-image-preview":"max-image-preview:large","max-video-preview":"max-video-preview:-1"},"canonical":"https:\/\/rechtsanwalt-schwaz.at\/en\/datenschutzerklaerung-fuer-mandanten\/","og_locale":"en_US","og_type":"article","og_title":"Datenschutzerkl\u00e4rung f\u00fcr Mandanten","og_description":"Wir legen gro\u00dfen Wert auf den Datenschutz unserer Mandanten. Auf unserer Datenschutzseite finden Sie alle relevanten Informationen.","og_url":"https:\/\/rechtsanwalt-schwaz.at\/en\/datenschutzerklaerung-fuer-mandanten\/","og_site_name":"Rechtsanwalt Schwaz","article_modified_time":"2024-05-28T19:09:30+00:00","og_image":[{"width":1740,"height":552,"url":"https:\/\/rechtsanwalt-schwaz.at\/wp-content\/uploads\/2023\/02\/rechtsanwalt-schwaz-header-2.jpg","type":"image\/jpeg"}],"twitter_card":"summary_large_image","twitter_misc":{"Est. reading time":"7 minutes"},"schema":{"@context":"https:\/\/schema.org","@graph":[{"@type":"WebPage","@id":"https:\/\/rechtsanwalt-schwaz.at\/datenschutzerklaerung-fuer-mandanten\/","url":"https:\/\/rechtsanwalt-schwaz.at\/datenschutzerklaerung-fuer-mandanten\/","name":"Datenschutzerkl\u00e4rung f\u00fcr Mandanten","isPartOf":{"@id":"https:\/\/rechtsanwalt-schwaz.at\/#website"},"datePublished":"2023-02-03T03:46:42+00:00","dateModified":"2024-05-28T19:09:30+00:00","description":"Wir legen gro\u00dfen Wert auf den Datenschutz unserer Mandanten. Auf unserer Datenschutzseite finden Sie alle relevanten Informationen.","breadcrumb":{"@id":"https:\/\/rechtsanwalt-schwaz.at\/datenschutzerklaerung-fuer-mandanten\/#breadcrumb"},"inLanguage":"en-US","potentialAction":[{"@type":"ReadAction","target":["https:\/\/rechtsanwalt-schwaz.at\/datenschutzerklaerung-fuer-mandanten\/"]}]},{"@type":"BreadcrumbList","@id":"https:\/\/rechtsanwalt-schwaz.at\/datenschutzerklaerung-fuer-mandanten\/#breadcrumb","itemListElement":[{"@type":"ListItem","position":1,"name":"Startseite","item":"https:\/\/rechtsanwalt-schwaz.at\/"},{"@type":"ListItem","position":2,"name":"Datenschutzerkl\u00e4rung f\u00fcr Mandanten"}]},{"@type":"WebSite","@id":"https:\/\/rechtsanwalt-schwaz.at\/#website","url":"https:\/\/rechtsanwalt-schwaz.at\/","name":"Rechtsanwalt Schwaz","description":"Georg Janovsky ist ein hochqualifizierter und erfahrener Rechtsanwalt, der Ihnen bei s\u00e4mtlichen rechtlichen Anliegen zur Seite steht.","publisher":{"@id":"https:\/\/rechtsanwalt-schwaz.at\/#organization"},"potentialAction":[{"@type":"SearchAction","target":{"@type":"EntryPoint","urlTemplate":"https:\/\/rechtsanwalt-schwaz.at\/?s={search_term_string}"},"query-input":{"@type":"PropertyValueSpecification","valueRequired":true,"valueName":"search_term_string"}}],"inLanguage":"en-US"},{"@type":"Organization","@id":"https:\/\/rechtsanwalt-schwaz.at\/#organization","name":"Rechtsanwalt Schwaz","url":"https:\/\/rechtsanwalt-schwaz.at\/","logo":{"@type":"ImageObject","inLanguage":"en-US","@id":"https:\/\/rechtsanwalt-schwaz.at\/#\/schema\/logo\/image\/","url":"https:\/\/rechtsanwalt-schwaz.agentur-seidemann.de\/wp-content\/uploads\/2023\/01\/janovsky-stecher-rechtsanwaelte.png","contentUrl":"https:\/\/rechtsanwalt-schwaz.agentur-seidemann.de\/wp-content\/uploads\/2023\/01\/janovsky-stecher-rechtsanwaelte.png","width":277,"height":60,"caption":"Rechtsanwalt Schwaz"},"image":{"@id":"https:\/\/rechtsanwalt-schwaz.at\/#\/schema\/logo\/image\/"}}]}},"_links":{"self":[{"href":"https:\/\/rechtsanwalt-schwaz.at\/en\/wp-json\/wp\/v2\/pages\/141"}],"collection":[{"href":"https:\/\/rechtsanwalt-schwaz.at\/en\/wp-json\/wp\/v2\/pages"}],"about":[{"href":"https:\/\/rechtsanwalt-schwaz.at\/en\/wp-json\/wp\/v2\/types\/page"}],"author":[{"embeddable":true,"href":"https:\/\/rechtsanwalt-schwaz.at\/en\/wp-json\/wp\/v2\/users\/3"}],"replies":[{"embeddable":true,"href":"https:\/\/rechtsanwalt-schwaz.at\/en\/wp-json\/wp\/v2\/comments?post=141"}],"version-history":[{"count":4,"href":"https:\/\/rechtsanwalt-schwaz.at\/en\/wp-json\/wp\/v2\/pages\/141\/revisions"}],"predecessor-version":[{"id":186,"href":"https:\/\/rechtsanwalt-schwaz.at\/en\/wp-json\/wp\/v2\/pages\/141\/revisions\/186"}],"wp:attachment":[{"href":"https:\/\/rechtsanwalt-schwaz.at\/en\/wp-json\/wp\/v2\/media?parent=141"}],"curies":[{"name":"wp","href":"https:\/\/api.w.org\/{rel}","templated":true}]}}